{"id":4165,"date":"2024-06-04T05:45:34","date_gmt":"2024-06-04T05:45:34","guid":{"rendered":"https:\/\/www.belenmarron.com\/blog\/"},"modified":"2024-08-13T13:37:33","modified_gmt":"2024-08-13T13:37:33","slug":"blog","status":"publish","type":"page","link":"https:\/\/www.belenmarron.com\/en\/blog\/","title":{"rendered":"MEDIA"},"content":{"rendered":"<p><div class=\"fusion-fullwidth fullwidth-box fusion-builder-row-1 fusion-flex-container has-pattern-background has-mask-background nonhundred-percent-fullwidth non-hundred-percent-height-scrolling\" style=\"--awb-background-position:center top;--awb-border-radius-top-left:0px;--awb-border-radius-top-right:0px;--awb-border-radius-bottom-right:0px;--awb-border-radius-bottom-left:0px;--awb-padding-top:140px;--awb-padding-bottom:100px;--awb-margin-top:0px;--awb-min-height:350px;--awb-background-color:#24383f;--awb-background-image:linear-gradient(180deg, rgba(79,79,79,0.32) 0%,rgba(79,79,79,0.32) 100%);--awb-flex-wrap:wrap;\" ><div class=\"fusion-builder-row fusion-row fusion-flex-align-items-center fusion-flex-justify-content-center fusion-flex-content-wrap\" style=\"max-width:1372.8px;margin-left: calc(-4% \/ 2 );margin-right: calc(-4% \/ 2 );\"><div class=\"fusion-layout-column fusion_builder_column fusion-builder-column-0 fusion_builder_column_3_4 3_4 fusion-flex-column fusion-animated\" style=\"--awb-bg-size:cover;--awb-width-large:75%;--awb-margin-top-large:0px;--awb-spacing-right-large:2.56%;--awb-margin-bottom-large:0px;--awb-spacing-left-large:2.56%;--awb-width-medium:75%;--awb-order-medium:0;--awb-spacing-right-medium:2.56%;--awb-spacing-left-medium:2.56%;--awb-width-small:83.333333333333%;--awb-order-small:0;--awb-spacing-right-small:2.304%;--awb-spacing-left-small:2.304%;\" data-animationType=\"fadeInUp\" data-animationDuration=\"1.5\" data-animationDelay=\"0.5\" data-animationOffset=\"top-into-view\" data-scroll-devices=\"medium-visibility,large-visibility\"><div class=\"fusion-column-wrapper fusion-column-has-shadow fusion-flex-justify-content-flex-start fusion-content-layout-column\"><div class=\"fusion-title title fusion-title-1 fusion-sep-none fusion-title-center fusion-title-highlight fusion-animate-loop fusion-highlight-underline fusion-title-size-one\" style=\"--awb-text-color:var(--awb-color1);--awb-highlight-width:7;--awb-margin-top:0px;--awb-margin-bottom:5px;--awb-margin-bottom-small:20px;--awb-font-size:90px;\" data-highlight=\"underline\"><h1 class=\"fusion-title-heading title-heading-center\" style=\"font-family:&quot;Aboreto&quot;;font-style:normal;font-weight:400;margin:0;font-size:1em;line-height:1.4;\"><span class=\"fusion-highlighted-text-prefix\"><\/span>  <span class=\"fusion-highlighted-text-postfix\">BLOG<\/span><\/h1><\/div><\/div><\/div><\/div><\/div><div class=\"fusion-fullwidth fullwidth-box fusion-builder-row-2 fusion-flex-container has-pattern-background has-mask-background nonhundred-percent-fullwidth non-hundred-percent-height-scrolling\" style=\"--awb-border-radius-top-left:0px;--awb-border-radius-top-right:0px;--awb-border-radius-bottom-right:0px;--awb-border-radius-bottom-left:0px;--awb-flex-wrap:wrap;\" ><div class=\"fusion-builder-row fusion-row fusion-flex-align-items-flex-start fusion-flex-content-wrap\" style=\"max-width:1372.8px;margin-left: calc(-4% \/ 2 );margin-right: calc(-4% \/ 2 );\"><div class=\"fusion-layout-column fusion_builder_column fusion-builder-column-1 fusion_builder_column_1_1 1_1 fusion-flex-column\" style=\"--awb-bg-size:cover;--awb-width-large:100%;--awb-margin-top-large:0px;--awb-spacing-right-large:1.92%;--awb-margin-bottom-large:20px;--awb-spacing-left-large:1.92%;--awb-width-medium:100%;--awb-order-medium:0;--awb-spacing-right-medium:1.92%;--awb-spacing-left-medium:1.92%;--awb-width-small:100%;--awb-order-small:0;--awb-spacing-right-small:1.92%;--awb-spacing-left-small:1.92%;\"><div class=\"fusion-column-wrapper fusion-column-has-shadow fusion-flex-justify-content-flex-start fusion-content-layout-column\"><div class=\"fusion-blog-shortcode fusion-blog-shortcode-1 fusion-blog-archive fusion-blog-layout-grid-wrapper fusion-blog-pagination\" style=\"--awb-title-font-size:26px;\"><style type=\"text\/css\">.fusion-blog-shortcode-1 .fusion-blog-layout-grid .fusion-post-grid{padding:20px;}.fusion-blog-shortcode-1 .fusion-posts-container{margin-left: -20px !important; margin-right:-20px !important;}<\/style><div class=\"fusion-posts-container fusion-posts-container-pagination fusion-no-meta-info fusion-blog-rollover fusion-blog-layout-grid fusion-blog-layout-grid-3 isotope fusion-blog-equal-heights\" data-pages=\"4\" data-grid-col-space=\"40\" style=\"margin: -20px -20px 0;min-height:500px;\"><article id=\"blog-1-post-4865\" class=\"fusion-post-grid post-4865 post type-post status-publish format-standard has-post-thumbnail hentry category-blog-bm-en\">\n<div class=\"fusion-post-wrapper\" style=\"background-color:rgba(255,255,255,0);border:1px solid var(--awb-color2);border-bottom-width:3px;\">\n\n\t\t\t<div class=\"fusion-flexslider flexslider fusion-flexslider-loading fusion-post-slideshow\" style=\"border-color:var(--awb-color2);\">\n\t\t<ul class=\"slides\">\n\t\t\t\n\t\t\t\t\t\t\t\t\t\t\t\t\t\t<li><div  class=\"fusion-image-wrapper\" aria-haspopup=\"true\">\n\t\t\t\t<img decoding=\"async\" width=\"1200\" height=\"675\" src=\"https:\/\/www.belenmarron.com\/wp-content\/uploads\/2026\/04\/47be7c88-f898-4569-bdb1-c603f07f3745_16-9-discover-aspect-ratio_default_0_x1000y445.webp\" class=\"attachment-full size-full lazyload wp-post-image\" alt=\"\" srcset=\"data:image\/svg+xml,%3Csvg%20xmlns%3D%27http%3A%2F%2Fwww.w3.org%2F2000%2Fsvg%27%20width%3D%271200%27%20height%3D%27675%27%20viewBox%3D%270%200%201200%20675%27%3E%3Crect%20width%3D%271200%27%20height%3D%27675%27%20fill-opacity%3D%220%22%2F%3E%3C%2Fsvg%3E\" data-orig-src=\"https:\/\/www.belenmarron.com\/wp-content\/uploads\/2026\/04\/47be7c88-f898-4569-bdb1-c603f07f3745_16-9-discover-aspect-ratio_default_0_x1000y445.webp\" data-srcset=\"https:\/\/www.belenmarron.com\/wp-content\/uploads\/2026\/04\/47be7c88-f898-4569-bdb1-c603f07f3745_16-9-discover-aspect-ratio_default_0_x1000y445-200x113.webp 200w, https:\/\/www.belenmarron.com\/wp-content\/uploads\/2026\/04\/47be7c88-f898-4569-bdb1-c603f07f3745_16-9-discover-aspect-ratio_default_0_x1000y445-400x225.webp 400w, https:\/\/www.belenmarron.com\/wp-content\/uploads\/2026\/04\/47be7c88-f898-4569-bdb1-c603f07f3745_16-9-discover-aspect-ratio_default_0_x1000y445-600x338.webp 600w, https:\/\/www.belenmarron.com\/wp-content\/uploads\/2026\/04\/47be7c88-f898-4569-bdb1-c603f07f3745_16-9-discover-aspect-ratio_default_0_x1000y445-800x450.webp 800w, https:\/\/www.belenmarron.com\/wp-content\/uploads\/2026\/04\/47be7c88-f898-4569-bdb1-c603f07f3745_16-9-discover-aspect-ratio_default_0_x1000y445.webp 1200w\" data-sizes=\"auto\" \/><div class=\"fusion-rollover\">\n\t<div class=\"fusion-rollover-content\">\n\n\t\t\t\t\t\t\t\t\t\t\t\t\t\t<a class=\"fusion-rollover-link\" href=\"https:\/\/www.belenmarron.com\/en\/las-alternativas-a-ormuz\/\">Las alternativas a Ormuz<\/a>\n\t\t\t\n\t\t\t\t\t\t\t\t\t\t\t\t\t\t\n\t\t\t\t\t\t\t\t\n\t\t\t\t\t\t\t\t\t\t\t\t\t<div class=\"fusion-rollover-sep\"><\/div>\n\t\t\t\t\n\t\t\t\t\t\t\t\t\t\t\t\t\t\t\t\t\t\t<a class=\"fusion-rollover-gallery\" href=\"https:\/\/www.belenmarron.com\/wp-content\/uploads\/2026\/04\/47be7c88-f898-4569-bdb1-c603f07f3745_16-9-discover-aspect-ratio_default_0_x1000y445.webp\" data-options=\"\" data-id=\"4865\" data-rel=\"iLightbox[gallery]\" data-title=\"47be7c88-f898-4569-bdb1-c603f07f3745_16-9-discover-aspect-ratio_default_0_x1000y445\" data-caption=\"\">\n\t\t\t\t\t\tGallery\t\t\t\t\t<\/a>\n\t\t\t\t\t\t\t\t\t\t\t\t\t\t\n\t\t\n\t\t\t\t\t\t\t\t\t\t\t\t<h4 class=\"fusion-rollover-title\">\n\t\t\t\t\t<a class=\"fusion-rollover-title-link\" href=\"https:\/\/www.belenmarron.com\/en\/las-alternativas-a-ormuz\/\">\n\t\t\t\t\t\tLas alternativas a Ormuz\t\t\t\t\t<\/a>\n\t\t\t\t<\/h4>\n\t\t\t\n\t\t\t\t\t\t\t\t\t\t<div class=\"fusion-rollover-categories\"><a href=\"https:\/\/www.belenmarron.com\/en\/category\/blog-bm-en\/\" rel=\"tag\">Blog BM<\/a><\/div>\t\t\t\t\t\n\t\t\n\t\t\t\t\t\t<a class=\"fusion-link-wrapper\" href=\"https:\/\/www.belenmarron.com\/en\/las-alternativas-a-ormuz\/\" aria-label=\"Las alternativas a Ormuz\"><\/a>\n\t<\/div>\n<\/div>\n<\/div>\n<\/li>\n\t\t\t\n\t\t\t\n\t\t\t\t\t\t\t\t\t\t\t\t\t\t\t\t\t\t\t\t\t\t\t\t\t\t\t\t\t\t\t\t\t\t\t\t\t\t\t\t\t\t\t\t\t\t\t\t\t\t\t\t\t\t\t\t\t\t\t\t\t\t\t\t\t\t\t\t<\/ul>\n\t<\/div>\n\t<div class=\"fusion-post-content-wrapper\" style=\"padding:30px 25px 25px 25px;\"><div class=\"fusion-post-content post-content\"><h2 class=\"blog-shortcode-post-title entry-title\"><a href=\"https:\/\/www.belenmarron.com\/en\/las-alternativas-a-ormuz\/\">Las alternativas a Ormuz<\/a><\/h2><div class=\"fusion-post-content-container\"><p>Trump afirma que el Ej\u00e9rcito de EEUU bloquear\u00e1 el estrecho [...]<\/p><\/div><\/div><\/div><div class=\"fusion-clearfix\"><\/div><\/div>\n<\/article>\n<article id=\"blog-1-post-4876\" class=\"fusion-post-grid post-4876 post type-post status-publish format-standard has-post-thumbnail hentry category-blog-bm-en\">\n<div class=\"fusion-post-wrapper\" style=\"background-color:rgba(255,255,255,0);border:1px solid var(--awb-color2);border-bottom-width:3px;\">\n\n\t\t\t<div class=\"fusion-flexslider flexslider fusion-flexslider-loading fusion-post-slideshow\" style=\"border-color:var(--awb-color2);\">\n\t\t<ul class=\"slides\">\n\t\t\t\n\t\t\t\t\t\t\t\t\t\t\t\t\t\t<li><div  class=\"fusion-image-wrapper\" aria-haspopup=\"true\">\n\t\t\t\t<img decoding=\"async\" width=\"868\" height=\"450\" src=\"https:\/\/www.belenmarron.com\/wp-content\/uploads\/2026\/04\/riocomida-animais-1.jpg\" class=\"attachment-full size-full lazyload wp-post-image\" alt=\"Concello de San Xo\u00e1n de R\u00edo\" srcset=\"data:image\/svg+xml,%3Csvg%20xmlns%3D%27http%3A%2F%2Fwww.w3.org%2F2000%2Fsvg%27%20width%3D%27868%27%20height%3D%27450%27%20viewBox%3D%270%200%20868%20450%27%3E%3Crect%20width%3D%27868%27%20height%3D%27450%27%20fill-opacity%3D%220%22%2F%3E%3C%2Fsvg%3E\" data-orig-src=\"https:\/\/www.belenmarron.com\/wp-content\/uploads\/2026\/04\/riocomida-animais-1.jpg\" data-srcset=\"https:\/\/www.belenmarron.com\/wp-content\/uploads\/2026\/04\/riocomida-animais-1-200x104.jpg 200w, https:\/\/www.belenmarron.com\/wp-content\/uploads\/2026\/04\/riocomida-animais-1-400x207.jpg 400w, https:\/\/www.belenmarron.com\/wp-content\/uploads\/2026\/04\/riocomida-animais-1-600x311.jpg 600w, https:\/\/www.belenmarron.com\/wp-content\/uploads\/2026\/04\/riocomida-animais-1-800x415.jpg 800w, https:\/\/www.belenmarron.com\/wp-content\/uploads\/2026\/04\/riocomida-animais-1.jpg 868w\" data-sizes=\"auto\" \/><div class=\"fusion-rollover\">\n\t<div class=\"fusion-rollover-content\">\n\n\t\t\t\t\t\t\t\t\t\t\t\t\t\t<a class=\"fusion-rollover-link\" href=\"https:\/\/www.belenmarron.com\/en\/o-concello-de-rio-agradece-a-doazon-de-seis-pales-de-alimento-para-animais-tras-os-incendios\/\">O Concello de R\u00edo agradece a doaz\u00f3n de seis pal\u00e9s de alimento para animais tras os incendios<\/a>\n\t\t\t\n\t\t\t\t\t\t\t\t\t\t\t\t\t\t\n\t\t\t\t\t\t\t\t\n\t\t\t\t\t\t\t\t\t\t\t\t\t<div class=\"fusion-rollover-sep\"><\/div>\n\t\t\t\t\n\t\t\t\t\t\t\t\t\t\t\t\t\t\t\t\t\t\t<a class=\"fusion-rollover-gallery\" href=\"https:\/\/www.belenmarron.com\/wp-content\/uploads\/2026\/04\/riocomida-animais-1.jpg\" data-options=\"\" data-id=\"4876\" data-rel=\"iLightbox[gallery]\" data-title=\"riocomida-animais\" data-caption=\"\">\n\t\t\t\t\t\tGallery\t\t\t\t\t<\/a>\n\t\t\t\t\t\t\t\t\t\t\t\t\t\t\n\t\t\n\t\t\t\t\t\t\t\t\t\t\t\t<h4 class=\"fusion-rollover-title\">\n\t\t\t\t\t<a class=\"fusion-rollover-title-link\" href=\"https:\/\/www.belenmarron.com\/en\/o-concello-de-rio-agradece-a-doazon-de-seis-pales-de-alimento-para-animais-tras-os-incendios\/\">\n\t\t\t\t\t\tO Concello de R\u00edo agradece a doaz\u00f3n de seis pal\u00e9s de alimento para animais tras os incendios\t\t\t\t\t<\/a>\n\t\t\t\t<\/h4>\n\t\t\t\n\t\t\t\t\t\t\t\t\t\t<div class=\"fusion-rollover-categories\"><a href=\"https:\/\/www.belenmarron.com\/en\/category\/blog-bm-en\/\" rel=\"tag\">Blog BM<\/a><\/div>\t\t\t\t\t\n\t\t\n\t\t\t\t\t\t<a class=\"fusion-link-wrapper\" href=\"https:\/\/www.belenmarron.com\/en\/o-concello-de-rio-agradece-a-doazon-de-seis-pales-de-alimento-para-animais-tras-os-incendios\/\" aria-label=\"O Concello de R\u00edo agradece a doaz\u00f3n de seis pal\u00e9s de alimento para animais tras os incendios\"><\/a>\n\t<\/div>\n<\/div>\n<\/div>\n<\/li>\n\t\t\t\n\t\t\t\n\t\t\t\t\t\t\t\t\t\t\t\t\t\t\t\t\t\t\t\t\t\t\t\t\t\t\t\t\t\t\t\t\t\t\t\t\t\t\t\t\t\t\t\t\t\t\t\t\t\t\t\t\t\t\t\t\t\t\t\t\t\t\t\t\t\t\t\t<\/ul>\n\t<\/div>\n\t<div class=\"fusion-post-content-wrapper\" style=\"padding:30px 25px 25px 25px;\"><div class=\"fusion-post-content post-content\"><h2 class=\"blog-shortcode-post-title entry-title\"><a href=\"https:\/\/www.belenmarron.com\/en\/o-concello-de-rio-agradece-a-doazon-de-seis-pales-de-alimento-para-animais-tras-os-incendios\/\">O Concello de R\u00edo agradece a doaz\u00f3n de seis pal\u00e9s de alimento para animais tras os incendios<\/a><\/h2><div class=\"fusion-post-content-container\"><p> O Concello de San Xo\u00e1n de R\u00edo v\u00e9n de [...]<\/p><\/div><\/div><\/div><div class=\"fusion-clearfix\"><\/div><\/div>\n<\/article>\n<article id=\"blog-1-post-4848\" class=\"fusion-post-grid post-4848 post type-post status-publish format-standard has-post-thumbnail hentry category-blog-bm-en\">\n<div class=\"fusion-post-wrapper\" style=\"background-color:rgba(255,255,255,0);border:1px solid var(--awb-color2);border-bottom-width:3px;\">\n\n\t\t\t<div class=\"fusion-flexslider flexslider fusion-flexslider-loading fusion-post-slideshow\" style=\"border-color:var(--awb-color2);\">\n\t\t<ul class=\"slides\">\n\t\t\t\n\t\t\t\t\t\t\t\t\t\t\t\t\t\t<li><div  class=\"fusion-image-wrapper\" aria-haspopup=\"true\">\n\t\t\t\t<img decoding=\"async\" width=\"768\" height=\"432\" src=\"https:\/\/www.belenmarron.com\/wp-content\/uploads\/2025\/07\/683c196459f41.webp\" class=\"attachment-full size-full lazyload wp-post-image\" alt=\"\" srcset=\"data:image\/svg+xml,%3Csvg%20xmlns%3D%27http%3A%2F%2Fwww.w3.org%2F2000%2Fsvg%27%20width%3D%27768%27%20height%3D%27432%27%20viewBox%3D%270%200%20768%20432%27%3E%3Crect%20width%3D%27768%27%20height%3D%27432%27%20fill-opacity%3D%220%22%2F%3E%3C%2Fsvg%3E\" data-orig-src=\"https:\/\/www.belenmarron.com\/wp-content\/uploads\/2025\/07\/683c196459f41.webp\" data-srcset=\"https:\/\/www.belenmarron.com\/wp-content\/uploads\/2025\/07\/683c196459f41-200x113.webp 200w, https:\/\/www.belenmarron.com\/wp-content\/uploads\/2025\/07\/683c196459f41-400x225.webp 400w, https:\/\/www.belenmarron.com\/wp-content\/uploads\/2025\/07\/683c196459f41-600x338.webp 600w, https:\/\/www.belenmarron.com\/wp-content\/uploads\/2025\/07\/683c196459f41.webp 768w\" data-sizes=\"auto\" \/><div class=\"fusion-rollover\">\n\t<div class=\"fusion-rollover-content\">\n\n\t\t\t\t\t\t\t\t\t\t\t\t\t\t<a class=\"fusion-rollover-link\" href=\"https:\/\/www.belenmarron.com\/en\/arabia-saudi-una-gran-oportunitat-per-invertir\/\">Ar\u00e0bia Saud\u00ed: Una gran oportunitat per invertir<\/a>\n\t\t\t\n\t\t\t\t\t\t\t\t\t\t\t\t\t\t\n\t\t\t\t\t\t\t\t\n\t\t\t\t\t\t\t\t\t\t\t\t\t<div class=\"fusion-rollover-sep\"><\/div>\n\t\t\t\t\n\t\t\t\t\t\t\t\t\t\t\t\t\t\t\t\t\t\t<a class=\"fusion-rollover-gallery\" href=\"https:\/\/www.belenmarron.com\/wp-content\/uploads\/2025\/07\/683c196459f41.webp\" data-options=\"\" data-id=\"4848\" data-rel=\"iLightbox[gallery]\" data-title=\"683c196459f41\" data-caption=\"\">\n\t\t\t\t\t\tGallery\t\t\t\t\t<\/a>\n\t\t\t\t\t\t\t\t\t\t\t\t\t\t\n\t\t\n\t\t\t\t\t\t\t\t\t\t\t\t<h4 class=\"fusion-rollover-title\">\n\t\t\t\t\t<a class=\"fusion-rollover-title-link\" href=\"https:\/\/www.belenmarron.com\/en\/arabia-saudi-una-gran-oportunitat-per-invertir\/\">\n\t\t\t\t\t\tAr\u00e0bia Saud\u00ed: Una gran oportunitat per invertir\t\t\t\t\t<\/a>\n\t\t\t\t<\/h4>\n\t\t\t\n\t\t\t\t\t\t\t\t\t\t<div class=\"fusion-rollover-categories\"><a href=\"https:\/\/www.belenmarron.com\/en\/category\/blog-bm-en\/\" rel=\"tag\">Blog BM<\/a><\/div>\t\t\t\t\t\n\t\t\n\t\t\t\t\t\t<a class=\"fusion-link-wrapper\" href=\"https:\/\/www.belenmarron.com\/en\/arabia-saudi-una-gran-oportunitat-per-invertir\/\" aria-label=\"Ar\u00e0bia Saud\u00ed: Una gran oportunitat per invertir\"><\/a>\n\t<\/div>\n<\/div>\n<\/div>\n<\/li>\n\t\t\t\n\t\t\t\n\t\t\t\t\t\t\t\t\t\t\t\t\t\t\t\t\t\t\t\t\t\t\t\t\t\t\t\t\t\t\t\t\t\t\t\t\t\t\t\t\t\t\t\t\t\t\t\t\t\t\t\t\t\t\t\t\t\t\t\t\t\t\t\t\t\t\t\t<\/ul>\n\t<\/div>\n\t<div class=\"fusion-post-content-wrapper\" style=\"padding:30px 25px 25px 25px;\"><div class=\"fusion-post-content post-content\"><h2 class=\"blog-shortcode-post-title entry-title\"><a href=\"https:\/\/www.belenmarron.com\/en\/arabia-saudi-una-gran-oportunitat-per-invertir\/\">Ar\u00e0bia Saud\u00ed: Una gran oportunitat per invertir<\/a><\/h2><div class=\"fusion-post-content-container\"><p> Ar\u00e0bia Saud\u00ed: Una gran oportunitat per invertir   [...]<\/p><\/div><\/div><\/div><div class=\"fusion-clearfix\"><\/div><\/div>\n<\/article>\n<article id=\"blog-1-post-4847\" class=\"fusion-post-grid post-4847 post type-post status-publish format-standard has-post-thumbnail hentry category-blog-bm-en\">\n<div class=\"fusion-post-wrapper\" style=\"background-color:rgba(255,255,255,0);border:1px solid var(--awb-color2);border-bottom-width:3px;\">\n\n\t\t\t<div class=\"fusion-flexslider flexslider fusion-flexslider-loading fusion-post-slideshow\" style=\"border-color:var(--awb-color2);\">\n\t\t<ul class=\"slides\">\n\t\t\t\n\t\t\t\t\t\t\t\t\t\t\t\t\t\t<li><div  class=\"fusion-image-wrapper\" aria-haspopup=\"true\">\n\t\t\t\t<img decoding=\"async\" width=\"1279\" height=\"721\" src=\"https:\/\/www.belenmarron.com\/wp-content\/uploads\/2024\/11\/Generations-Wars-4.jpg\" class=\"attachment-full size-full lazyload wp-post-image\" alt=\"Generations Wars 4\" srcset=\"data:image\/svg+xml,%3Csvg%20xmlns%3D%27http%3A%2F%2Fwww.w3.org%2F2000%2Fsvg%27%20width%3D%271279%27%20height%3D%27721%27%20viewBox%3D%270%200%201279%20721%27%3E%3Crect%20width%3D%271279%27%20height%3D%27721%27%20fill-opacity%3D%220%22%2F%3E%3C%2Fsvg%3E\" data-orig-src=\"https:\/\/www.belenmarron.com\/wp-content\/uploads\/2024\/11\/Generations-Wars-4.jpg\" data-srcset=\"https:\/\/www.belenmarron.com\/wp-content\/uploads\/2024\/11\/Generations-Wars-4-200x113.jpg 200w, https:\/\/www.belenmarron.com\/wp-content\/uploads\/2024\/11\/Generations-Wars-4-400x225.jpg 400w, https:\/\/www.belenmarron.com\/wp-content\/uploads\/2024\/11\/Generations-Wars-4-600x338.jpg 600w, https:\/\/www.belenmarron.com\/wp-content\/uploads\/2024\/11\/Generations-Wars-4-800x451.jpg 800w, https:\/\/www.belenmarron.com\/wp-content\/uploads\/2024\/11\/Generations-Wars-4-1200x676.jpg 1200w, https:\/\/www.belenmarron.com\/wp-content\/uploads\/2024\/11\/Generations-Wars-4.jpg 1279w\" data-sizes=\"auto\" \/><div class=\"fusion-rollover\">\n\t<div class=\"fusion-rollover-content\">\n\n\t\t\t\t\t\t\t\t\t\t\t\t\t\t<a class=\"fusion-rollover-link\" href=\"https:\/\/www.belenmarron.com\/en\/generations-wars-4-belen-marron-directora-bmr-csr-public-affairs-and-health\/\">Generations Wars 4 &#8211; Bel\u00e9n Marron, Directora, BMR- CSR, Public Affairs and Health<\/a>\n\t\t\t\n\t\t\t\t\t\t\t\t\t\t\t\t\t\t\n\t\t\t\t\t\t\t\t\n\t\t\t\t\t\t\t\t\t\t\t\t\t<div class=\"fusion-rollover-sep\"><\/div>\n\t\t\t\t\n\t\t\t\t\t\t\t\t\t\t\t\t\t\t\t\t\t\t<a class=\"fusion-rollover-gallery\" href=\"https:\/\/www.belenmarron.com\/wp-content\/uploads\/2024\/11\/Generations-Wars-4.jpg\" data-options=\"\" data-id=\"4847\" data-rel=\"iLightbox[gallery]\" data-title=\"Generations Wars 4\" data-caption=\"\">\n\t\t\t\t\t\tGallery\t\t\t\t\t<\/a>\n\t\t\t\t\t\t\t\t\t\t\t\t\t\t\n\t\t\n\t\t\t\t\t\t\t\t\t\t\t\t<h4 class=\"fusion-rollover-title\">\n\t\t\t\t\t<a class=\"fusion-rollover-title-link\" href=\"https:\/\/www.belenmarron.com\/en\/generations-wars-4-belen-marron-directora-bmr-csr-public-affairs-and-health\/\">\n\t\t\t\t\t\tGenerations Wars 4 &#8211; Bel\u00e9n Marron, Directora, BMR- CSR, Public Affairs and Health\t\t\t\t\t<\/a>\n\t\t\t\t<\/h4>\n\t\t\t\n\t\t\t\t\t\t\t\t\t\t<div class=\"fusion-rollover-categories\"><a href=\"https:\/\/www.belenmarron.com\/en\/category\/blog-bm-en\/\" rel=\"tag\">Blog BM<\/a><\/div>\t\t\t\t\t\n\t\t\n\t\t\t\t\t\t<a class=\"fusion-link-wrapper\" href=\"https:\/\/www.belenmarron.com\/en\/generations-wars-4-belen-marron-directora-bmr-csr-public-affairs-and-health\/\" aria-label=\"Generations Wars 4 &#8211; Bel\u00e9n Marron, Directora, BMR- CSR, Public Affairs and Health\"><\/a>\n\t<\/div>\n<\/div>\n<\/div>\n<\/li>\n\t\t\t\n\t\t\t\n\t\t\t\t\t\t\t\t\t\t\t\t\t\t\t\t\t\t\t\t\t\t\t\t\t\t\t\t\t\t\t\t\t\t\t\t\t\t\t\t\t\t\t\t\t\t\t\t\t\t\t\t\t\t\t\t\t\t\t\t\t\t\t\t\t\t\t\t<\/ul>\n\t<\/div>\n\t<div class=\"fusion-post-content-wrapper\" style=\"padding:30px 25px 25px 25px;\"><div class=\"fusion-post-content post-content\"><h2 class=\"blog-shortcode-post-title entry-title\"><a href=\"https:\/\/www.belenmarron.com\/en\/generations-wars-4-belen-marron-directora-bmr-csr-public-affairs-and-health\/\">Generations Wars 4 &#8211; Bel\u00e9n Marron, Directora, BMR- CSR, Public Affairs and Health<\/a><\/h2><div class=\"fusion-post-content-container\"><p>  Generations Wars 4 - Bel\u00e9n Marron, Directora, BMR- [...]<\/p><\/div><\/div><\/div><div class=\"fusion-clearfix\"><\/div><\/div>\n<\/article>\n<article id=\"blog-1-post-4420\" class=\"fusion-post-grid post-4420 post type-post status-publish format-standard has-post-thumbnail hentry category-blog-bm-en\">\n<div class=\"fusion-post-wrapper\" style=\"background-color:rgba(255,255,255,0);border:1px solid var(--awb-color2);border-bottom-width:3px;\">\n\n\t\t\t<div class=\"fusion-flexslider flexslider fusion-flexslider-loading fusion-post-slideshow\" style=\"border-color:var(--awb-color2);\">\n\t\t<ul class=\"slides\">\n\t\t\t\n\t\t\t\t\t\t\t\t\t\t\t\t\t\t<li><div  class=\"fusion-image-wrapper\" aria-haspopup=\"true\">\n\t\t\t\t<img decoding=\"async\" width=\"466\" height=\"537\" src=\"https:\/\/www.belenmarron.com\/wp-content\/uploads\/2021\/05\/Belen-Marron.jpg\" class=\"attachment-full size-full lazyload wp-post-image\" alt=\"\" srcset=\"data:image\/svg+xml,%3Csvg%20xmlns%3D%27http%3A%2F%2Fwww.w3.org%2F2000%2Fsvg%27%20width%3D%27466%27%20height%3D%27537%27%20viewBox%3D%270%200%20466%20537%27%3E%3Crect%20width%3D%27466%27%20height%3D%27537%27%20fill-opacity%3D%220%22%2F%3E%3C%2Fsvg%3E\" data-orig-src=\"https:\/\/www.belenmarron.com\/wp-content\/uploads\/2021\/05\/Belen-Marron.jpg\" data-srcset=\"https:\/\/www.belenmarron.com\/wp-content\/uploads\/2021\/05\/Belen-Marron-200x230.jpg 200w, https:\/\/www.belenmarron.com\/wp-content\/uploads\/2021\/05\/Belen-Marron-400x461.jpg 400w, https:\/\/www.belenmarron.com\/wp-content\/uploads\/2021\/05\/Belen-Marron.jpg 466w\" data-sizes=\"auto\" \/><div class=\"fusion-rollover\">\n\t<div class=\"fusion-rollover-content\">\n\n\t\t\t\t\t\t\t\t\t\t\t\t\t\t<a class=\"fusion-rollover-link\" href=\"https:\/\/www.belenmarron.com\/en\/top-50-creators-in-the-law-justice-industry\/\">#\ud83c\udfc6 Top 50 Creators in the #Law &#038; #Justice #Industry<\/a>\n\t\t\t\n\t\t\t\t\t\t\t\t\t\t\t\t\t\t\n\t\t\t\t\t\t\t\t\n\t\t\t\t\t\t\t\t\t\t\t\t\t<div class=\"fusion-rollover-sep\"><\/div>\n\t\t\t\t\n\t\t\t\t\t\t\t\t\t\t\t\t\t\t\t\t\t\t<a class=\"fusion-rollover-gallery\" href=\"https:\/\/www.belenmarron.com\/wp-content\/uploads\/2021\/05\/Belen-Marron.jpg\" data-options=\"\" data-id=\"4420\" data-rel=\"iLightbox[gallery]\" data-title=\"Bel\u00e9n Marr\u00f3n, quir\u00f3nsalud\" data-caption=\"\">\n\t\t\t\t\t\tGallery\t\t\t\t\t<\/a>\n\t\t\t\t\t\t\t\t\t\t\t\t\t\t\n\t\t\n\t\t\t\t\t\t\t\t\t\t\t\t<h4 class=\"fusion-rollover-title\">\n\t\t\t\t\t<a class=\"fusion-rollover-title-link\" href=\"https:\/\/www.belenmarron.com\/en\/top-50-creators-in-the-law-justice-industry\/\">\n\t\t\t\t\t\t#\ud83c\udfc6 Top 50 Creators in the #Law &#038; #Justice #Industry\t\t\t\t\t<\/a>\n\t\t\t\t<\/h4>\n\t\t\t\n\t\t\t\t\t\t\t\t\t\t<div class=\"fusion-rollover-categories\"><a href=\"https:\/\/www.belenmarron.com\/en\/category\/blog-bm-en\/\" rel=\"tag\">Blog BM<\/a><\/div>\t\t\t\t\t\n\t\t\n\t\t\t\t\t\t<a class=\"fusion-link-wrapper\" href=\"https:\/\/www.belenmarron.com\/en\/top-50-creators-in-the-law-justice-industry\/\" aria-label=\"#\ud83c\udfc6 Top 50 Creators in the #Law &#038; #Justice #Industry\"><\/a>\n\t<\/div>\n<\/div>\n<\/div>\n<\/li>\n\t\t\t\n\t\t\t\n\t\t\t\t\t\t\t\t\t\t\t\t\t\t\t\t\t\t\t\t\t\t\t\t\t\t\t\t\t\t\t\t\t\t\t\t\t\t\t\t\t\t\t\t\t\t\t\t\t\t\t\t\t\t\t\t\t\t\t\t\t\t\t\t\t\t\t\t<\/ul>\n\t<\/div>\n\t<div class=\"fusion-post-content-wrapper\" style=\"padding:30px 25px 25px 25px;\"><div class=\"fusion-post-content post-content\"><h2 class=\"blog-shortcode-post-title entry-title\"><a href=\"https:\/\/www.belenmarron.com\/en\/top-50-creators-in-the-law-justice-industry\/\">#\ud83c\udfc6 Top 50 Creators in the #Law &#038; #Justice #Industry<\/a><\/h2><div class=\"fusion-post-content-container\"><p>\u2696 I am proud to announce that I have been [...]<\/p><\/div><\/div><\/div><div class=\"fusion-clearfix\"><\/div><\/div>\n<\/article>\n<article id=\"blog-1-post-4415\" class=\"fusion-post-grid post-4415 post type-post status-publish format-standard has-post-thumbnail hentry category-blog-bm-en\">\n<div class=\"fusion-post-wrapper\" style=\"background-color:rgba(255,255,255,0);border:1px solid var(--awb-color2);border-bottom-width:3px;\">\n\n\t\t\t<div class=\"fusion-flexslider flexslider fusion-flexslider-loading fusion-post-slideshow\" style=\"border-color:var(--awb-color2);\">\n\t\t<ul class=\"slides\">\n\t\t\t\n\t\t\t\t\t\t\t\t\t\t\t\t\t\t<li><div  class=\"fusion-image-wrapper\" aria-haspopup=\"true\">\n\t\t\t\t<img decoding=\"async\" width=\"900\" height=\"1600\" src=\"https:\/\/www.belenmarron.com\/wp-content\/uploads\/2024\/11\/Emergencia-DANA-en-Espana.jpg\" class=\"attachment-full size-full lazyload wp-post-image\" alt=\"Emergencia DANA en Espa\u00f1a\" srcset=\"data:image\/svg+xml,%3Csvg%20xmlns%3D%27http%3A%2F%2Fwww.w3.org%2F2000%2Fsvg%27%20width%3D%27900%27%20height%3D%271600%27%20viewBox%3D%270%200%20900%201600%27%3E%3Crect%20width%3D%27900%27%20height%3D%271600%27%20fill-opacity%3D%220%22%2F%3E%3C%2Fsvg%3E\" data-orig-src=\"https:\/\/www.belenmarron.com\/wp-content\/uploads\/2024\/11\/Emergencia-DANA-en-Espana.jpg\" data-srcset=\"https:\/\/www.belenmarron.com\/wp-content\/uploads\/2024\/11\/Emergencia-DANA-en-Espana-200x356.jpg 200w, https:\/\/www.belenmarron.com\/wp-content\/uploads\/2024\/11\/Emergencia-DANA-en-Espana-400x711.jpg 400w, https:\/\/www.belenmarron.com\/wp-content\/uploads\/2024\/11\/Emergencia-DANA-en-Espana-600x1067.jpg 600w, https:\/\/www.belenmarron.com\/wp-content\/uploads\/2024\/11\/Emergencia-DANA-en-Espana-800x1422.jpg 800w, https:\/\/www.belenmarron.com\/wp-content\/uploads\/2024\/11\/Emergencia-DANA-en-Espana.jpg 900w\" data-sizes=\"auto\" \/><div class=\"fusion-rollover\">\n\t<div class=\"fusion-rollover-content\">\n\n\t\t\t\t\t\t\t\t\t\t\t\t\t\t<a class=\"fusion-rollover-link\" href=\"https:\/\/www.belenmarron.com\/en\/emergencia-dana-en-espana\/\">Emergencia DANA en Espa\u00f1a<\/a>\n\t\t\t\n\t\t\t\t\t\t\t\t\t\t\t\t\t\t\n\t\t\t\t\t\t\t\t\n\t\t\t\t\t\t\t\t\t\t\t\t\t<div class=\"fusion-rollover-sep\"><\/div>\n\t\t\t\t\n\t\t\t\t\t\t\t\t\t\t\t\t\t\t\t\t\t\t<a class=\"fusion-rollover-gallery\" href=\"https:\/\/www.belenmarron.com\/wp-content\/uploads\/2024\/11\/Emergencia-DANA-en-Espana.jpg\" data-options=\"\" data-id=\"4415\" data-rel=\"iLightbox[gallery]\" data-title=\"Emergencia DANA en Espana\" data-caption=\"\">\n\t\t\t\t\t\tGallery\t\t\t\t\t<\/a>\n\t\t\t\t\t\t\t\t\t\t\t\t\t\t\n\t\t\n\t\t\t\t\t\t\t\t\t\t\t\t<h4 class=\"fusion-rollover-title\">\n\t\t\t\t\t<a class=\"fusion-rollover-title-link\" href=\"https:\/\/www.belenmarron.com\/en\/emergencia-dana-en-espana\/\">\n\t\t\t\t\t\tEmergencia DANA en Espa\u00f1a\t\t\t\t\t<\/a>\n\t\t\t\t<\/h4>\n\t\t\t\n\t\t\t\t\t\t\t\t\t\t<div class=\"fusion-rollover-categories\"><a href=\"https:\/\/www.belenmarron.com\/en\/category\/blog-bm-en\/\" rel=\"tag\">Blog BM<\/a><\/div>\t\t\t\t\t\n\t\t\n\t\t\t\t\t\t<a class=\"fusion-link-wrapper\" href=\"https:\/\/www.belenmarron.com\/en\/emergencia-dana-en-espana\/\" aria-label=\"Emergencia DANA en Espa\u00f1a\"><\/a>\n\t<\/div>\n<\/div>\n<\/div>\n<\/li>\n\t\t\t\n\t\t\t\n\t\t\t\t\t\t\t\t\t\t\t\t\t\t\t\t\t\t\t\t\t\t\t\t\t\t\t\t\t\t\t\t\t\t\t\t\t\t\t\t\t\t\t\t\t\t\t\t\t\t\t\t\t\t\t\t\t\t\t\t\t\t\t\t\t\t\t\t<\/ul>\n\t<\/div>\n\t<div class=\"fusion-post-content-wrapper\" style=\"padding:30px 25px 25px 25px;\"><div class=\"fusion-post-content post-content\"><h2 class=\"blog-shortcode-post-title entry-title\"><a href=\"https:\/\/www.belenmarron.com\/en\/emergencia-dana-en-espana\/\">Emergencia DANA en Espa\u00f1a<\/a><\/h2><div class=\"fusion-post-content-container\"><p>Desde el 1 de noviembre de 2024, a las 12:12, [...]<\/p><\/div><\/div><\/div><div class=\"fusion-clearfix\"><\/div><\/div>\n<\/article>\n<article id=\"blog-1-post-4413\" class=\"fusion-post-grid post-4413 post type-post status-publish format-standard has-post-thumbnail hentry category-blog-bm-en\">\n<div class=\"fusion-post-wrapper\" style=\"background-color:rgba(255,255,255,0);border:1px solid var(--awb-color2);border-bottom-width:3px;\">\n\n\t\t\t<div class=\"fusion-flexslider flexslider fusion-flexslider-loading fusion-post-slideshow\" style=\"border-color:var(--awb-color2);\">\n\t\t<ul class=\"slides\">\n\t\t\t\n\t\t\t\t\t\t\t\t\t\t\t\t\t\t<li><div  class=\"fusion-image-wrapper\" aria-haspopup=\"true\">\n\t\t\t\t<img decoding=\"async\" width=\"506\" height=\"900\" src=\"https:\/\/www.belenmarron.com\/wp-content\/uploads\/2024\/11\/Liderazgos.jpg\" class=\"attachment-full size-full lazyload wp-post-image\" alt=\"Liderazgo en tiempos de incertidumbre\" srcset=\"data:image\/svg+xml,%3Csvg%20xmlns%3D%27http%3A%2F%2Fwww.w3.org%2F2000%2Fsvg%27%20width%3D%27506%27%20height%3D%27900%27%20viewBox%3D%270%200%20506%20900%27%3E%3Crect%20width%3D%27506%27%20height%3D%27900%27%20fill-opacity%3D%220%22%2F%3E%3C%2Fsvg%3E\" data-orig-src=\"https:\/\/www.belenmarron.com\/wp-content\/uploads\/2024\/11\/Liderazgos.jpg\" data-srcset=\"https:\/\/www.belenmarron.com\/wp-content\/uploads\/2024\/11\/Liderazgos-200x356.jpg 200w, https:\/\/www.belenmarron.com\/wp-content\/uploads\/2024\/11\/Liderazgos-400x711.jpg 400w, https:\/\/www.belenmarron.com\/wp-content\/uploads\/2024\/11\/Liderazgos.jpg 506w\" data-sizes=\"auto\" \/><div class=\"fusion-rollover\">\n\t<div class=\"fusion-rollover-content\">\n\n\t\t\t\t\t\t\t\t\t\t\t\t\t\t<a class=\"fusion-rollover-link\" href=\"https:\/\/www.belenmarron.com\/en\/liderazgo-en-tiempos-de-incertidumbre\/\">Liderazgo en tiempos de incertidumbre<\/a>\n\t\t\t\n\t\t\t\t\t\t\t\t\t\t\t\t\t\t\n\t\t\t\t\t\t\t\t\n\t\t\t\t\t\t\t\t\t\t\t\t\t<div class=\"fusion-rollover-sep\"><\/div>\n\t\t\t\t\n\t\t\t\t\t\t\t\t\t\t\t\t\t\t\t\t\t\t<a class=\"fusion-rollover-gallery\" href=\"https:\/\/www.belenmarron.com\/wp-content\/uploads\/2024\/11\/Liderazgos.jpg\" data-options=\"\" data-id=\"4413\" data-rel=\"iLightbox[gallery]\" data-title=\"Liderazgos\" data-caption=\"\">\n\t\t\t\t\t\tGallery\t\t\t\t\t<\/a>\n\t\t\t\t\t\t\t\t\t\t\t\t\t\t\n\t\t\n\t\t\t\t\t\t\t\t\t\t\t\t<h4 class=\"fusion-rollover-title\">\n\t\t\t\t\t<a class=\"fusion-rollover-title-link\" href=\"https:\/\/www.belenmarron.com\/en\/liderazgo-en-tiempos-de-incertidumbre\/\">\n\t\t\t\t\t\tLiderazgo en tiempos de incertidumbre\t\t\t\t\t<\/a>\n\t\t\t\t<\/h4>\n\t\t\t\n\t\t\t\t\t\t\t\t\t\t<div class=\"fusion-rollover-categories\"><a href=\"https:\/\/www.belenmarron.com\/en\/category\/blog-bm-en\/\" rel=\"tag\">Blog BM<\/a><\/div>\t\t\t\t\t\n\t\t\n\t\t\t\t\t\t<a class=\"fusion-link-wrapper\" href=\"https:\/\/www.belenmarron.com\/en\/liderazgo-en-tiempos-de-incertidumbre\/\" aria-label=\"Liderazgo en tiempos de incertidumbre\"><\/a>\n\t<\/div>\n<\/div>\n<\/div>\n<\/li>\n\t\t\t\n\t\t\t\n\t\t\t\t\t\t\t\t\t\t\t\t\t\t\t\t\t\t\t\t\t\t\t\t\t\t\t\t\t\t\t\t\t\t\t\t\t\t\t\t\t\t\t\t\t\t\t\t\t\t\t\t\t\t\t\t\t\t\t\t\t\t\t\t\t\t\t\t<\/ul>\n\t<\/div>\n\t<div class=\"fusion-post-content-wrapper\" style=\"padding:30px 25px 25px 25px;\"><div class=\"fusion-post-content post-content\"><h2 class=\"blog-shortcode-post-title entry-title\"><a href=\"https:\/\/www.belenmarron.com\/en\/liderazgo-en-tiempos-de-incertidumbre\/\">Liderazgo en tiempos de incertidumbre<\/a><\/h2><div class=\"fusion-post-content-container\"><p> \ud83c\udf0d Fundaci\u00f3n Liderar con Sentido Com\u00fan y Universidad Internacional [...]<\/p><\/div><\/div><\/div><div class=\"fusion-clearfix\"><\/div><\/div>\n<\/article>\n<article id=\"blog-1-post-4370\" class=\"fusion-post-grid post-4370 post type-post status-publish format-standard has-post-thumbnail hentry category-blog-bm-en\">\n<div class=\"fusion-post-wrapper\" style=\"background-color:rgba(255,255,255,0);border:1px solid var(--awb-color2);border-bottom-width:3px;\">\n\n\t\t\t<div class=\"fusion-flexslider flexslider fusion-flexslider-loading fusion-post-slideshow\" style=\"border-color:var(--awb-color2);\">\n\t\t<ul class=\"slides\">\n\t\t\t\n\t\t\t\t\t\t\t\t\t\t\t\t\t\t<li><div  class=\"fusion-image-wrapper\" aria-haspopup=\"true\">\n\t\t\t\t<img decoding=\"async\" width=\"615\" height=\"534\" src=\"https:\/\/www.belenmarron.com\/wp-content\/uploads\/2024\/05\/BM.png\" class=\"attachment-full size-full lazyload wp-post-image\" alt=\"\" srcset=\"data:image\/svg+xml,%3Csvg%20xmlns%3D%27http%3A%2F%2Fwww.w3.org%2F2000%2Fsvg%27%20width%3D%27615%27%20height%3D%27534%27%20viewBox%3D%270%200%20615%20534%27%3E%3Crect%20width%3D%27615%27%20height%3D%27534%27%20fill-opacity%3D%220%22%2F%3E%3C%2Fsvg%3E\" data-orig-src=\"https:\/\/www.belenmarron.com\/wp-content\/uploads\/2024\/05\/BM.png\" data-srcset=\"https:\/\/www.belenmarron.com\/wp-content\/uploads\/2024\/05\/BM-200x174.png 200w, https:\/\/www.belenmarron.com\/wp-content\/uploads\/2024\/05\/BM-400x347.png 400w, https:\/\/www.belenmarron.com\/wp-content\/uploads\/2024\/05\/BM-600x521.png 600w, https:\/\/www.belenmarron.com\/wp-content\/uploads\/2024\/05\/BM.png 615w\" data-sizes=\"auto\" \/><div class=\"fusion-rollover\">\n\t<div class=\"fusion-rollover-content\">\n\n\t\t\t\t\t\t\t\t\t\t\t\t\t\t<a class=\"fusion-rollover-link\" href=\"https:\/\/www.belenmarron.com\/en\/top50creators-and-influencers-in-law-medias-politics\/\">#Top50Creators and Influencers in \u2696\ufe0f Law, Medias &#038; Politics<\/a>\n\t\t\t\n\t\t\t\t\t\t\t\t\t\t\t\t\t\t\n\t\t\t\t\t\t\t\t\n\t\t\t\t\t\t\t\t\t\t\t\t\t<div class=\"fusion-rollover-sep\"><\/div>\n\t\t\t\t\n\t\t\t\t\t\t\t\t\t\t\t\t\t\t\t\t\t\t<a class=\"fusion-rollover-gallery\" href=\"https:\/\/www.belenmarron.com\/wp-content\/uploads\/2024\/05\/BM.png\" data-options=\"\" data-id=\"4370\" data-rel=\"iLightbox[gallery]\" data-title=\"Bel\u00e9n Marr\u00f3n\" data-caption=\"\">\n\t\t\t\t\t\tGallery\t\t\t\t\t<\/a>\n\t\t\t\t\t\t\t\t\t\t\t\t\t\t\n\t\t\n\t\t\t\t\t\t\t\t\t\t\t\t<h4 class=\"fusion-rollover-title\">\n\t\t\t\t\t<a class=\"fusion-rollover-title-link\" href=\"https:\/\/www.belenmarron.com\/en\/top50creators-and-influencers-in-law-medias-politics\/\">\n\t\t\t\t\t\t#Top50Creators and Influencers in \u2696\ufe0f Law, Medias &#038; Politics\t\t\t\t\t<\/a>\n\t\t\t\t<\/h4>\n\t\t\t\n\t\t\t\t\t\t\t\t\t\t<div class=\"fusion-rollover-categories\"><a href=\"https:\/\/www.belenmarron.com\/en\/category\/blog-bm-en\/\" rel=\"tag\">Blog BM<\/a><\/div>\t\t\t\t\t\n\t\t\n\t\t\t\t\t\t<a class=\"fusion-link-wrapper\" href=\"https:\/\/www.belenmarron.com\/en\/top50creators-and-influencers-in-law-medias-politics\/\" aria-label=\"#Top50Creators and Influencers in \u2696\ufe0f Law, Medias &#038; Politics\"><\/a>\n\t<\/div>\n<\/div>\n<\/div>\n<\/li>\n\t\t\t\n\t\t\t\n\t\t\t\t\t\t\t\t\t\t\t\t\t\t\t\t\t\t\t\t\t\t\t\t\t\t\t\t\t\t\t\t\t\t\t\t\t\t\t\t\t\t\t\t\t\t\t\t\t\t\t\t\t\t\t\t\t\t\t\t\t\t\t\t\t\t\t\t<\/ul>\n\t<\/div>\n\t<div class=\"fusion-post-content-wrapper\" style=\"padding:30px 25px 25px 25px;\"><div class=\"fusion-post-content post-content\"><h2 class=\"blog-shortcode-post-title entry-title\"><a href=\"https:\/\/www.belenmarron.com\/en\/top50creators-and-influencers-in-law-medias-politics\/\">#Top50Creators and Influencers in \u2696\ufe0f Law, Medias &#038; Politics<\/a><\/h2><div class=\"fusion-post-content-container\"><p>#Top50Creators and Influencers in \u2696\ufe0f Law, Medias &amp; Politics It [...]<\/p><\/div><\/div><\/div><div class=\"fusion-clearfix\"><\/div><\/div>\n<\/article>\n<article id=\"blog-1-post-4348\" class=\"fusion-post-grid post-4348 post type-post status-publish format-standard has-post-thumbnail hentry category-blog-bm-en\">\n<div class=\"fusion-post-wrapper\" style=\"background-color:rgba(255,255,255,0);border:1px solid var(--awb-color2);border-bottom-width:3px;\">\n\n\t\t\t<div class=\"fusion-flexslider flexslider fusion-flexslider-loading fusion-post-slideshow\" style=\"border-color:var(--awb-color2);\">\n\t\t<ul class=\"slides\">\n\t\t\t\n\t\t\t\t\t\t\t\t\t\t\t\t\t\t<li><div  class=\"fusion-image-wrapper\" aria-haspopup=\"true\">\n\t\t\t\t<img decoding=\"async\" width=\"800\" height=\"533\" src=\"https:\/\/www.belenmarron.com\/wp-content\/uploads\/2024\/09\/1725875678961.jpeg\" class=\"attachment-full size-full lazyload wp-post-image\" alt=\"El mudo silencio del liderazgo actual\" srcset=\"data:image\/svg+xml,%3Csvg%20xmlns%3D%27http%3A%2F%2Fwww.w3.org%2F2000%2Fsvg%27%20width%3D%27800%27%20height%3D%27533%27%20viewBox%3D%270%200%20800%20533%27%3E%3Crect%20width%3D%27800%27%20height%3D%27533%27%20fill-opacity%3D%220%22%2F%3E%3C%2Fsvg%3E\" data-orig-src=\"https:\/\/www.belenmarron.com\/wp-content\/uploads\/2024\/09\/1725875678961.jpeg\" data-srcset=\"https:\/\/www.belenmarron.com\/wp-content\/uploads\/2024\/09\/1725875678961-200x133.jpeg 200w, https:\/\/www.belenmarron.com\/wp-content\/uploads\/2024\/09\/1725875678961-400x267.jpeg 400w, https:\/\/www.belenmarron.com\/wp-content\/uploads\/2024\/09\/1725875678961-600x400.jpeg 600w, https:\/\/www.belenmarron.com\/wp-content\/uploads\/2024\/09\/1725875678961.jpeg 800w\" data-sizes=\"auto\" \/><div class=\"fusion-rollover\">\n\t<div class=\"fusion-rollover-content\">\n\n\t\t\t\t\t\t\t\t\t\t\t\t\t\t<a class=\"fusion-rollover-link\" href=\"https:\/\/www.belenmarron.com\/en\/el-mudo-silencio-del-liderazgo-actual\/\">El mudo silencio del liderazgo actual<\/a>\n\t\t\t\n\t\t\t\t\t\t\t\t\t\t\t\t\t\t\n\t\t\t\t\t\t\t\t\n\t\t\t\t\t\t\t\t\t\t\t\t\t<div class=\"fusion-rollover-sep\"><\/div>\n\t\t\t\t\n\t\t\t\t\t\t\t\t\t\t\t\t\t\t\t\t\t\t<a class=\"fusion-rollover-gallery\" href=\"https:\/\/www.belenmarron.com\/wp-content\/uploads\/2024\/09\/1725875678961.jpeg\" data-options=\"\" data-id=\"4348\" data-rel=\"iLightbox[gallery]\" data-title=\"1725875678961\" data-caption=\"\">\n\t\t\t\t\t\tGallery\t\t\t\t\t<\/a>\n\t\t\t\t\t\t\t\t\t\t\t\t\t\t\n\t\t\n\t\t\t\t\t\t\t\t\t\t\t\t<h4 class=\"fusion-rollover-title\">\n\t\t\t\t\t<a class=\"fusion-rollover-title-link\" href=\"https:\/\/www.belenmarron.com\/en\/el-mudo-silencio-del-liderazgo-actual\/\">\n\t\t\t\t\t\tEl mudo silencio del liderazgo actual\t\t\t\t\t<\/a>\n\t\t\t\t<\/h4>\n\t\t\t\n\t\t\t\t\t\t\t\t\t\t<div class=\"fusion-rollover-categories\"><a href=\"https:\/\/www.belenmarron.com\/en\/category\/blog-bm-en\/\" rel=\"tag\">Blog BM<\/a><\/div>\t\t\t\t\t\n\t\t\n\t\t\t\t\t\t<a class=\"fusion-link-wrapper\" href=\"https:\/\/www.belenmarron.com\/en\/el-mudo-silencio-del-liderazgo-actual\/\" aria-label=\"El mudo silencio del liderazgo actual\"><\/a>\n\t<\/div>\n<\/div>\n<\/div>\n<\/li>\n\t\t\t\n\t\t\t\n\t\t\t\t\t\t\t\t\t\t\t\t\t\t\t\t\t\t\t\t\t\t\t\t\t\t\t\t\t\t\t\t\t\t\t\t\t\t\t\t\t\t\t\t\t\t\t\t\t\t\t\t\t\t\t\t\t\t\t\t\t\t\t\t\t\t\t\t<\/ul>\n\t<\/div>\n\t<div class=\"fusion-post-content-wrapper\" style=\"padding:30px 25px 25px 25px;\"><div class=\"fusion-post-content post-content\"><h2 class=\"blog-shortcode-post-title entry-title\"><a href=\"https:\/\/www.belenmarron.com\/en\/el-mudo-silencio-del-liderazgo-actual\/\">El mudo silencio del liderazgo actual<\/a><\/h2><div class=\"fusion-post-content-container\"><p>En este verano turbulento, nos enfrentamos con asombro y preocupaci\u00f3n [...]<\/p><\/div><\/div><\/div><div class=\"fusion-clearfix\"><\/div><\/div>\n<\/article>\n<article id=\"blog-1-post-4350\" class=\"fusion-post-grid post-4350 post type-post status-publish format-standard has-post-thumbnail hentry category-blog-bm-en\">\n<div class=\"fusion-post-wrapper\" style=\"background-color:rgba(255,255,255,0);border:1px solid var(--awb-color2);border-bottom-width:3px;\">\n\n\t\t\t<div class=\"fusion-flexslider flexslider fusion-flexslider-loading fusion-post-slideshow\" style=\"border-color:var(--awb-color2);\">\n\t\t<ul class=\"slides\">\n\t\t\t\n\t\t\t\t\t\t\t\t\t\t\t\t\t\t<li><div  class=\"fusion-image-wrapper\" aria-haspopup=\"true\">\n\t\t\t\t<img decoding=\"async\" width=\"696\" height=\"348\" src=\"https:\/\/www.belenmarron.com\/wp-content\/uploads\/2024\/09\/metropolis-barcelona-sera-ciudad-europea-bosque-diario_abc.webp\" class=\"attachment-full size-full lazyload wp-post-image\" alt=\"Bel\u00e9n Marr\u00f3n: Exodus of talents\" srcset=\"data:image\/svg+xml,%3Csvg%20xmlns%3D%27http%3A%2F%2Fwww.w3.org%2F2000%2Fsvg%27%20width%3D%27696%27%20height%3D%27348%27%20viewBox%3D%270%200%20696%20348%27%3E%3Crect%20width%3D%27696%27%20height%3D%27348%27%20fill-opacity%3D%220%22%2F%3E%3C%2Fsvg%3E\" data-orig-src=\"https:\/\/www.belenmarron.com\/wp-content\/uploads\/2024\/09\/metropolis-barcelona-sera-ciudad-europea-bosque-diario_abc.webp\" data-srcset=\"https:\/\/www.belenmarron.com\/wp-content\/uploads\/2024\/09\/metropolis-barcelona-sera-ciudad-europea-bosque-diario_abc-200x100.webp 200w, https:\/\/www.belenmarron.com\/wp-content\/uploads\/2024\/09\/metropolis-barcelona-sera-ciudad-europea-bosque-diario_abc-400x200.webp 400w, https:\/\/www.belenmarron.com\/wp-content\/uploads\/2024\/09\/metropolis-barcelona-sera-ciudad-europea-bosque-diario_abc-600x300.webp 600w, https:\/\/www.belenmarron.com\/wp-content\/uploads\/2024\/09\/metropolis-barcelona-sera-ciudad-europea-bosque-diario_abc.webp 696w\" data-sizes=\"auto\" \/><div class=\"fusion-rollover\">\n\t<div class=\"fusion-rollover-content\">\n\n\t\t\t\t\t\t\t\t\t\t\t\t\t\t<a class=\"fusion-rollover-link\" href=\"https:\/\/www.belenmarron.com\/en\/belen-marron-exodus-of-talents\/\">Bel\u00e9n Marr\u00f3n: Exodus of talents<\/a>\n\t\t\t\n\t\t\t\t\t\t\t\t\t\t\t\t\t\t\n\t\t\t\t\t\t\t\t\n\t\t\t\t\t\t\t\t\t\t\t\t\t<div class=\"fusion-rollover-sep\"><\/div>\n\t\t\t\t\n\t\t\t\t\t\t\t\t\t\t\t\t\t\t\t\t\t\t<a class=\"fusion-rollover-gallery\" href=\"https:\/\/www.belenmarron.com\/wp-content\/uploads\/2024\/09\/metropolis-barcelona-sera-ciudad-europea-bosque-diario_abc.webp\" data-options=\"\" data-id=\"4350\" data-rel=\"iLightbox[gallery]\" data-title=\"Bel\u00e9n Marr\u00f3n: Exodus of talents\" data-caption=\"\">\n\t\t\t\t\t\tGallery\t\t\t\t\t<\/a>\n\t\t\t\t\t\t\t\t\t\t\t\t\t\t\n\t\t\n\t\t\t\t\t\t\t\t\t\t\t\t<h4 class=\"fusion-rollover-title\">\n\t\t\t\t\t<a class=\"fusion-rollover-title-link\" href=\"https:\/\/www.belenmarron.com\/en\/belen-marron-exodus-of-talents\/\">\n\t\t\t\t\t\tBel\u00e9n Marr\u00f3n: Exodus of talents\t\t\t\t\t<\/a>\n\t\t\t\t<\/h4>\n\t\t\t\n\t\t\t\t\t\t\t\t\t\t<div class=\"fusion-rollover-categories\"><a href=\"https:\/\/www.belenmarron.com\/en\/category\/blog-bm-en\/\" rel=\"tag\">Blog BM<\/a><\/div>\t\t\t\t\t\n\t\t\n\t\t\t\t\t\t<a class=\"fusion-link-wrapper\" href=\"https:\/\/www.belenmarron.com\/en\/belen-marron-exodus-of-talents\/\" aria-label=\"Bel\u00e9n Marr\u00f3n: Exodus of talents\"><\/a>\n\t<\/div>\n<\/div>\n<\/div>\n<\/li>\n\t\t\t\n\t\t\t\n\t\t\t\t\t\t\t\t\t\t\t\t\t\t\t\t\t\t\t\t\t\t\t\t\t\t\t\t\t\t\t\t\t\t\t\t\t\t\t\t\t\t\t\t\t\t\t\t\t\t\t\t\t\t\t\t\t\t\t\t\t\t\t\t\t\t\t\t<\/ul>\n\t<\/div>\n\t<div class=\"fusion-post-content-wrapper\" style=\"padding:30px 25px 25px 25px;\"><div class=\"fusion-post-content post-content\"><h2 class=\"blog-shortcode-post-title entry-title\"><a href=\"https:\/\/www.belenmarron.com\/en\/belen-marron-exodus-of-talents\/\">Bel\u00e9n Marr\u00f3n: Exodus of talents<\/a><\/h2><div class=\"fusion-post-content-container\"><p>A country\u2019s ability to generate talent and, perhaps more importantly, [...]<\/p><\/div><\/div><\/div><div class=\"fusion-clearfix\"><\/div><\/div>\n<\/article>\n<article id=\"blog-1-post-4345\" class=\"fusion-post-grid post-4345 post type-post status-publish format-standard has-post-thumbnail hentry category-blog-bm-en\">\n<div class=\"fusion-post-wrapper\" style=\"background-color:rgba(255,255,255,0);border:1px solid var(--awb-color2);border-bottom-width:3px;\">\n\n\t\t\t<div class=\"fusion-flexslider flexslider fusion-flexslider-loading fusion-post-slideshow\" style=\"border-color:var(--awb-color2);\">\n\t\t<ul class=\"slides\">\n\t\t\t\n\t\t\t\t\t\t\t\t\t\t\t\t\t\t<li><div  class=\"fusion-image-wrapper\" aria-haspopup=\"true\">\n\t\t\t\t<img decoding=\"async\" width=\"300\" height=\"300\" src=\"https:\/\/www.belenmarron.com\/wp-content\/uploads\/2024\/09\/300x300bb.webp\" class=\"attachment-full size-full lazyload wp-post-image\" alt=\"Bel\u00e9n marr\u00f3n: empoderamiento, innovaci\u00f3n y cambio social\" srcset=\"data:image\/svg+xml,%3Csvg%20xmlns%3D%27http%3A%2F%2Fwww.w3.org%2F2000%2Fsvg%27%20width%3D%27300%27%20height%3D%27300%27%20viewBox%3D%270%200%20300%20300%27%3E%3Crect%20width%3D%27300%27%20height%3D%27300%27%20fill-opacity%3D%220%22%2F%3E%3C%2Fsvg%3E\" data-orig-src=\"https:\/\/www.belenmarron.com\/wp-content\/uploads\/2024\/09\/300x300bb.webp\" data-srcset=\"https:\/\/www.belenmarron.com\/wp-content\/uploads\/2024\/09\/300x300bb-200x200.webp 200w, https:\/\/www.belenmarron.com\/wp-content\/uploads\/2024\/09\/300x300bb.webp 300w\" data-sizes=\"auto\" \/><div class=\"fusion-rollover\">\n\t<div class=\"fusion-rollover-content\">\n\n\t\t\t\t\t\t\t\t\t\t\t\t\t\t<a class=\"fusion-rollover-link\" href=\"https:\/\/www.belenmarron.com\/en\/belen-marron-empoderamiento-innovacion-y-cambio-social\/\">Bel\u00e9n marr\u00f3n: empoderamiento, innovaci\u00f3n y cambio social<\/a>\n\t\t\t\n\t\t\t\t\t\t\t\t\t\t\t\t\t\t\n\t\t\t\t\t\t\t\t\n\t\t\t\t\t\t\t\t\t\t\t\t\t<div class=\"fusion-rollover-sep\"><\/div>\n\t\t\t\t\n\t\t\t\t\t\t\t\t\t\t\t\t\t\t\t\t\t\t<a class=\"fusion-rollover-gallery\" href=\"https:\/\/www.belenmarron.com\/wp-content\/uploads\/2024\/09\/300x300bb.webp\" data-options=\"\" data-id=\"4345\" data-rel=\"iLightbox[gallery]\" data-title=\"300x300bb\" data-caption=\"\">\n\t\t\t\t\t\tGallery\t\t\t\t\t<\/a>\n\t\t\t\t\t\t\t\t\t\t\t\t\t\t\n\t\t\n\t\t\t\t\t\t\t\t\t\t\t\t<h4 class=\"fusion-rollover-title\">\n\t\t\t\t\t<a class=\"fusion-rollover-title-link\" href=\"https:\/\/www.belenmarron.com\/en\/belen-marron-empoderamiento-innovacion-y-cambio-social\/\">\n\t\t\t\t\t\tBel\u00e9n marr\u00f3n: empoderamiento, innovaci\u00f3n y cambio social\t\t\t\t\t<\/a>\n\t\t\t\t<\/h4>\n\t\t\t\n\t\t\t\t\t\t\t\t\t\t<div class=\"fusion-rollover-categories\"><a href=\"https:\/\/www.belenmarron.com\/en\/category\/blog-bm-en\/\" rel=\"tag\">Blog BM<\/a><\/div>\t\t\t\t\t\n\t\t\n\t\t\t\t\t\t<a class=\"fusion-link-wrapper\" href=\"https:\/\/www.belenmarron.com\/en\/belen-marron-empoderamiento-innovacion-y-cambio-social\/\" aria-label=\"Bel\u00e9n marr\u00f3n: empoderamiento, innovaci\u00f3n y cambio social\"><\/a>\n\t<\/div>\n<\/div>\n<\/div>\n<\/li>\n\t\t\t\n\t\t\t\n\t\t\t\t\t\t\t\t\t\t\t\t\t\t\t\t\t\t\t\t\t\t\t\t\t\t\t\t\t\t\t\t\t\t\t\t\t\t\t\t\t\t\t\t\t\t\t\t\t\t\t\t\t\t\t\t\t\t\t\t\t\t\t\t\t\t\t\t<\/ul>\n\t<\/div>\n\t<div class=\"fusion-post-content-wrapper\" style=\"padding:30px 25px 25px 25px;\"><div class=\"fusion-post-content post-content\"><h2 class=\"blog-shortcode-post-title entry-title\"><a href=\"https:\/\/www.belenmarron.com\/en\/belen-marron-empoderamiento-innovacion-y-cambio-social\/\">Bel\u00e9n marr\u00f3n: empoderamiento, innovaci\u00f3n y cambio social<\/a><\/h2><div class=\"fusion-post-content-container\"><p>Este mes en MONIKIPEDIA, nos sumergimos en una fascinante conversaci\u00f3n [...]<\/p><\/div><\/div><\/div><div class=\"fusion-clearfix\"><\/div><\/div>\n<\/article>\n<article id=\"blog-1-post-4221\" class=\"fusion-post-grid post-4221 post type-post status-publish format-standard has-post-thumbnail hentry category-blog-bm-en\">\n<div class=\"fusion-post-wrapper\" style=\"background-color:rgba(255,255,255,0);border:1px solid var(--awb-color2);border-bottom-width:3px;\">\n\n\t\t\t<div class=\"fusion-flexslider flexslider fusion-flexslider-loading fusion-post-slideshow\" style=\"border-color:var(--awb-color2);\">\n\t\t<ul class=\"slides\">\n\t\t\t\n\t\t\t\t\t\t\t\t\t\t\t\t\t\t<li><div  class=\"fusion-image-wrapper\" aria-haspopup=\"true\">\n\t\t\t\t<img decoding=\"async\" width=\"1200\" height=\"675\" src=\"https:\/\/www.belenmarron.com\/wp-content\/uploads\/2023\/09\/03850104-5349-4c43-9228-57cae05747f9_alta-libre-aspect-ratio_default_0.jpg\" class=\"attachment-full size-full lazyload wp-post-image\" alt=\"\" srcset=\"data:image\/svg+xml,%3Csvg%20xmlns%3D%27http%3A%2F%2Fwww.w3.org%2F2000%2Fsvg%27%20width%3D%271200%27%20height%3D%27675%27%20viewBox%3D%270%200%201200%20675%27%3E%3Crect%20width%3D%271200%27%20height%3D%27675%27%20fill-opacity%3D%220%22%2F%3E%3C%2Fsvg%3E\" data-orig-src=\"https:\/\/www.belenmarron.com\/wp-content\/uploads\/2023\/09\/03850104-5349-4c43-9228-57cae05747f9_alta-libre-aspect-ratio_default_0.jpg\" data-srcset=\"https:\/\/www.belenmarron.com\/wp-content\/uploads\/2023\/09\/03850104-5349-4c43-9228-57cae05747f9_alta-libre-aspect-ratio_default_0-200x113.jpg 200w, https:\/\/www.belenmarron.com\/wp-content\/uploads\/2023\/09\/03850104-5349-4c43-9228-57cae05747f9_alta-libre-aspect-ratio_default_0-400x225.jpg 400w, https:\/\/www.belenmarron.com\/wp-content\/uploads\/2023\/09\/03850104-5349-4c43-9228-57cae05747f9_alta-libre-aspect-ratio_default_0-600x338.jpg 600w, https:\/\/www.belenmarron.com\/wp-content\/uploads\/2023\/09\/03850104-5349-4c43-9228-57cae05747f9_alta-libre-aspect-ratio_default_0-800x450.jpg 800w, https:\/\/www.belenmarron.com\/wp-content\/uploads\/2023\/09\/03850104-5349-4c43-9228-57cae05747f9_alta-libre-aspect-ratio_default_0.jpg 1200w\" data-sizes=\"auto\" \/><div class=\"fusion-rollover\">\n\t<div class=\"fusion-rollover-content\">\n\n\t\t\t\t\t\t\t\t\t\t\t\t\t\t<a class=\"fusion-rollover-link\" href=\"https:\/\/www.belenmarron.com\/en\/la-paradoja-senior\/\">La paradoja s\u00e9nior: una sociedad cada d\u00eda m\u00e1s envejecida que no contrata a sus mayores<\/a>\n\t\t\t\n\t\t\t\t\t\t\t\t\t\t\t\t\t\t\n\t\t\t\t\t\t\t\t\n\t\t\t\t\t\t\t\t\t\t\t\t\t<div class=\"fusion-rollover-sep\"><\/div>\n\t\t\t\t\n\t\t\t\t\t\t\t\t\t\t\t\t\t\t\t\t\t\t<a class=\"fusion-rollover-gallery\" href=\"https:\/\/www.belenmarron.com\/wp-content\/uploads\/2023\/09\/03850104-5349-4c43-9228-57cae05747f9_alta-libre-aspect-ratio_default_0.jpg\" data-options=\"\" data-id=\"4221\" data-rel=\"iLightbox[gallery]\" data-title=\"La paradoja s\u00e9nior\" data-caption=\"\">\n\t\t\t\t\t\tGallery\t\t\t\t\t<\/a>\n\t\t\t\t\t\t\t\t\t\t\t\t\t\t\n\t\t\n\t\t\t\t\t\t\t\t\t\t\t\t<h4 class=\"fusion-rollover-title\">\n\t\t\t\t\t<a class=\"fusion-rollover-title-link\" href=\"https:\/\/www.belenmarron.com\/en\/la-paradoja-senior\/\">\n\t\t\t\t\t\tLa paradoja s\u00e9nior: una sociedad cada d\u00eda m\u00e1s envejecida que no contrata a sus mayores\t\t\t\t\t<\/a>\n\t\t\t\t<\/h4>\n\t\t\t\n\t\t\t\t\t\t\t\t\t\t<div class=\"fusion-rollover-categories\"><a href=\"https:\/\/www.belenmarron.com\/en\/category\/blog-bm-en\/\" rel=\"tag\">Blog BM<\/a><\/div>\t\t\t\t\t\n\t\t\n\t\t\t\t\t\t<a class=\"fusion-link-wrapper\" href=\"https:\/\/www.belenmarron.com\/en\/la-paradoja-senior\/\" aria-label=\"La paradoja s\u00e9nior: una sociedad cada d\u00eda m\u00e1s envejecida que no contrata a sus mayores\"><\/a>\n\t<\/div>\n<\/div>\n<\/div>\n<\/li>\n\t\t\t\n\t\t\t\n\t\t\t\t\t\t\t\t\t\t\t\t\t\t\t\t\t\t\t\t\t\t\t\t\t\t\t\t\t\t\t\t\t\t\t\t\t\t\t\t\t\t\t\t\t\t\t\t\t\t\t\t\t\t\t\t\t\t\t\t\t\t\t\t\t\t\t\t<\/ul>\n\t<\/div>\n\t<div class=\"fusion-post-content-wrapper\" style=\"padding:30px 25px 25px 25px;\"><div class=\"fusion-post-content post-content\"><h2 class=\"blog-shortcode-post-title entry-title\"><a href=\"https:\/\/www.belenmarron.com\/en\/la-paradoja-senior\/\">La paradoja s\u00e9nior: una sociedad cada d\u00eda m\u00e1s envejecida que no contrata a sus mayores<\/a><\/h2><div class=\"fusion-post-content-container\"><p>En Espa\u00f1a, la edad media de la poblaci\u00f3n trabajadora ha [...]<\/p><\/div><\/div><\/div><div class=\"fusion-clearfix\"><\/div><\/div>\n<\/article>\n<article id=\"blog-1-post-4222\" class=\"fusion-post-grid post-4222 post type-post status-publish format-standard has-post-thumbnail hentry category-blog-bm-en\">\n<div class=\"fusion-post-wrapper\" style=\"background-color:rgba(255,255,255,0);border:1px solid var(--awb-color2);border-bottom-width:3px;\">\n\n\t\t\t<div class=\"fusion-flexslider flexslider fusion-flexslider-loading fusion-post-slideshow\" style=\"border-color:var(--awb-color2);\">\n\t\t<ul class=\"slides\">\n\t\t\t\n\t\t\t\t\t\t\t\t\t\t\t\t\t\t<li><div  class=\"fusion-image-wrapper\" aria-haspopup=\"true\">\n\t\t\t\t<img decoding=\"async\" width=\"324\" height=\"321\" src=\"https:\/\/www.belenmarron.com\/wp-content\/uploads\/2023\/08\/Tarragona-Responsable.jpg\" class=\"attachment-full size-full lazyload wp-post-image\" alt=\"\" srcset=\"data:image\/svg+xml,%3Csvg%20xmlns%3D%27http%3A%2F%2Fwww.w3.org%2F2000%2Fsvg%27%20width%3D%27324%27%20height%3D%27321%27%20viewBox%3D%270%200%20324%20321%27%3E%3Crect%20width%3D%27324%27%20height%3D%27321%27%20fill-opacity%3D%220%22%2F%3E%3C%2Fsvg%3E\" data-orig-src=\"https:\/\/www.belenmarron.com\/wp-content\/uploads\/2023\/08\/Tarragona-Responsable.jpg\" data-srcset=\"https:\/\/www.belenmarron.com\/wp-content\/uploads\/2023\/08\/Tarragona-Responsable-200x198.jpg 200w, https:\/\/www.belenmarron.com\/wp-content\/uploads\/2023\/08\/Tarragona-Responsable.jpg 324w\" data-sizes=\"auto\" \/><div class=\"fusion-rollover\">\n\t<div class=\"fusion-rollover-content\">\n\n\t\t\t\t\t\t\t\t\t\t\t\t\t\t<a class=\"fusion-rollover-link\" href=\"https:\/\/www.belenmarron.com\/en\/athenea-healthcare-group-lempresa-que-cuida-a-qui-ens-cuida\/\">Athenea Healthcare Group, l\u2019empresa que cuida a qui ens cuida<\/a>\n\t\t\t\n\t\t\t\t\t\t\t\t\t\t\t\t\t\t\n\t\t\t\t\t\t\t\t\n\t\t\t\t\t\t\t\t\t\t\t\t\t<div class=\"fusion-rollover-sep\"><\/div>\n\t\t\t\t\n\t\t\t\t\t\t\t\t\t\t\t\t\t\t\t\t\t\t<a class=\"fusion-rollover-gallery\" href=\"https:\/\/www.belenmarron.com\/wp-content\/uploads\/2023\/08\/Tarragona-Responsable.jpg\" data-options=\"\" data-id=\"4222\" data-rel=\"iLightbox[gallery]\" data-title=\"Tarragona Responsable\" data-caption=\"\">\n\t\t\t\t\t\tGallery\t\t\t\t\t<\/a>\n\t\t\t\t\t\t\t\t\t\t\t\t\t\t\n\t\t\n\t\t\t\t\t\t\t\t\t\t\t\t<h4 class=\"fusion-rollover-title\">\n\t\t\t\t\t<a class=\"fusion-rollover-title-link\" href=\"https:\/\/www.belenmarron.com\/en\/athenea-healthcare-group-lempresa-que-cuida-a-qui-ens-cuida\/\">\n\t\t\t\t\t\tAthenea Healthcare Group, l\u2019empresa que cuida a qui ens cuida\t\t\t\t\t<\/a>\n\t\t\t\t<\/h4>\n\t\t\t\n\t\t\t\t\t\t\t\t\t\t<div class=\"fusion-rollover-categories\"><a href=\"https:\/\/www.belenmarron.com\/en\/category\/blog-bm-en\/\" rel=\"tag\">Blog BM<\/a><\/div>\t\t\t\t\t\n\t\t\n\t\t\t\t\t\t<a class=\"fusion-link-wrapper\" href=\"https:\/\/www.belenmarron.com\/en\/athenea-healthcare-group-lempresa-que-cuida-a-qui-ens-cuida\/\" aria-label=\"Athenea Healthcare Group, l\u2019empresa que cuida a qui ens cuida\"><\/a>\n\t<\/div>\n<\/div>\n<\/div>\n<\/li>\n\t\t\t\n\t\t\t\n\t\t\t\t\t\t\t\t\t\t\t\t\t\t\t\t\t\t\t\t\t\t\t\t\t\t\t\t\t\t\t\t\t\t\t\t\t\t\t\t\t\t\t\t\t\t\t\t\t\t\t\t\t\t\t\t\t\t\t\t\t\t\t\t\t\t\t\t<\/ul>\n\t<\/div>\n\t<div class=\"fusion-post-content-wrapper\" style=\"padding:30px 25px 25px 25px;\"><div class=\"fusion-post-content post-content\"><h2 class=\"blog-shortcode-post-title entry-title\"><a href=\"https:\/\/www.belenmarron.com\/en\/athenea-healthcare-group-lempresa-que-cuida-a-qui-ens-cuida\/\">Athenea Healthcare Group, l\u2019empresa que cuida a qui ens cuida<\/a><\/h2><div class=\"fusion-post-content-container\"><p>Arxius de Tarragona Responsable \u2022 R\u00e0dio Ciutat de Tarragona Encetem [...]<\/p><\/div><\/div><\/div><div class=\"fusion-clearfix\"><\/div><\/div>\n<\/article>\n<article id=\"blog-1-post-4224\" class=\"fusion-post-grid post-4224 post type-post status-publish format-standard has-post-thumbnail hentry category-blog-bm-en\">\n<div class=\"fusion-post-wrapper\" style=\"background-color:rgba(255,255,255,0);border:1px solid var(--awb-color2);border-bottom-width:3px;\">\n\n\t\t\t<div class=\"fusion-flexslider flexslider fusion-flexslider-loading fusion-post-slideshow\" style=\"border-color:var(--awb-color2);\">\n\t\t<ul class=\"slides\">\n\t\t\t\n\t\t\t\t\t\t\t\t\t\t\t\t\t\t<li><div  class=\"fusion-image-wrapper\" aria-haspopup=\"true\">\n\t\t\t\t<img decoding=\"async\" width=\"779\" height=\"357\" src=\"https:\/\/www.belenmarron.com\/wp-content\/uploads\/2023\/06\/Alarma-Social.jpg\" class=\"attachment-full size-full lazyload wp-post-image\" alt=\"\" srcset=\"data:image\/svg+xml,%3Csvg%20xmlns%3D%27http%3A%2F%2Fwww.w3.org%2F2000%2Fsvg%27%20width%3D%27779%27%20height%3D%27357%27%20viewBox%3D%270%200%20779%20357%27%3E%3Crect%20width%3D%27779%27%20height%3D%27357%27%20fill-opacity%3D%220%22%2F%3E%3C%2Fsvg%3E\" data-orig-src=\"https:\/\/www.belenmarron.com\/wp-content\/uploads\/2023\/06\/Alarma-Social.jpg\" data-srcset=\"https:\/\/www.belenmarron.com\/wp-content\/uploads\/2023\/06\/Alarma-Social-200x92.jpg 200w, https:\/\/www.belenmarron.com\/wp-content\/uploads\/2023\/06\/Alarma-Social-400x183.jpg 400w, https:\/\/www.belenmarron.com\/wp-content\/uploads\/2023\/06\/Alarma-Social-600x275.jpg 600w, https:\/\/www.belenmarron.com\/wp-content\/uploads\/2023\/06\/Alarma-Social.jpg 779w\" data-sizes=\"auto\" \/><div class=\"fusion-rollover\">\n\t<div class=\"fusion-rollover-content\">\n\n\t\t\t\t\t\t\t\t\t\t\t\t\t\t<a class=\"fusion-rollover-link\" href=\"https:\/\/www.belenmarron.com\/en\/alarma-social-sin-precedentes\/\">Alarma social sin precedentes<\/a>\n\t\t\t\n\t\t\t\t\t\t\t\t\t\t\t\t\t\t\n\t\t\t\t\t\t\t\t\n\t\t\t\t\t\t\t\t\t\t\t\t\t<div class=\"fusion-rollover-sep\"><\/div>\n\t\t\t\t\n\t\t\t\t\t\t\t\t\t\t\t\t\t\t\t\t\t\t<a class=\"fusion-rollover-gallery\" href=\"https:\/\/www.belenmarron.com\/wp-content\/uploads\/2023\/06\/Alarma-Social.jpg\" data-options=\"\" data-id=\"4224\" data-rel=\"iLightbox[gallery]\" data-title=\"Alarma Social\" data-caption=\"\">\n\t\t\t\t\t\tGallery\t\t\t\t\t<\/a>\n\t\t\t\t\t\t\t\t\t\t\t\t\t\t\n\t\t\n\t\t\t\t\t\t\t\t\t\t\t\t<h4 class=\"fusion-rollover-title\">\n\t\t\t\t\t<a class=\"fusion-rollover-title-link\" href=\"https:\/\/www.belenmarron.com\/en\/alarma-social-sin-precedentes\/\">\n\t\t\t\t\t\tAlarma social sin precedentes\t\t\t\t\t<\/a>\n\t\t\t\t<\/h4>\n\t\t\t\n\t\t\t\t\t\t\t\t\t\t<div class=\"fusion-rollover-categories\"><a href=\"https:\/\/www.belenmarron.com\/en\/category\/blog-bm-en\/\" rel=\"tag\">Blog BM<\/a><\/div>\t\t\t\t\t\n\t\t\n\t\t\t\t\t\t<a class=\"fusion-link-wrapper\" href=\"https:\/\/www.belenmarron.com\/en\/alarma-social-sin-precedentes\/\" aria-label=\"Alarma social sin precedentes\"><\/a>\n\t<\/div>\n<\/div>\n<\/div>\n<\/li>\n\t\t\t\n\t\t\t\n\t\t\t\t\t\t\t\t\t\t\t\t\t\t\t\t\t\t\t\t\t\t\t\t\t\t\t\t\t\t\t\t\t\t\t\t\t\t\t\t\t\t\t\t\t\t\t\t\t\t\t\t\t\t\t\t\t\t\t\t\t\t\t\t\t\t\t\t<\/ul>\n\t<\/div>\n\t<div class=\"fusion-post-content-wrapper\" style=\"padding:30px 25px 25px 25px;\"><div class=\"fusion-post-content post-content\"><h2 class=\"blog-shortcode-post-title entry-title\"><a href=\"https:\/\/www.belenmarron.com\/en\/alarma-social-sin-precedentes\/\">Alarma social sin precedentes<\/a><\/h2><div class=\"fusion-post-content-container\"><p>En toda sociedad desarrollada y avanzada, donde el estado del [...]<\/p><\/div><\/div><\/div><div class=\"fusion-clearfix\"><\/div><\/div>\n<\/article>\n<article id=\"blog-1-post-4225\" class=\"fusion-post-grid post-4225 post type-post status-publish format-standard has-post-thumbnail hentry category-blog-bm-en\">\n<div class=\"fusion-post-wrapper\" style=\"background-color:rgba(255,255,255,0);border:1px solid var(--awb-color2);border-bottom-width:3px;\">\n\n\t\t\t<div class=\"fusion-flexslider flexslider fusion-flexslider-loading fusion-post-slideshow\" style=\"border-color:var(--awb-color2);\">\n\t\t<ul class=\"slides\">\n\t\t\t\n\t\t\t\t\t\t\t\t\t\t\t\t\t\t<li><div  class=\"fusion-image-wrapper\" aria-haspopup=\"true\">\n\t\t\t\t<img decoding=\"async\" width=\"1379\" height=\"550\" src=\"https:\/\/www.belenmarron.com\/wp-content\/uploads\/2023\/06\/Mi-querida-Espana.jpg\" class=\"attachment-full size-full lazyload wp-post-image\" alt=\"\" srcset=\"data:image\/svg+xml,%3Csvg%20xmlns%3D%27http%3A%2F%2Fwww.w3.org%2F2000%2Fsvg%27%20width%3D%271379%27%20height%3D%27550%27%20viewBox%3D%270%200%201379%20550%27%3E%3Crect%20width%3D%271379%27%20height%3D%27550%27%20fill-opacity%3D%220%22%2F%3E%3C%2Fsvg%3E\" data-orig-src=\"https:\/\/www.belenmarron.com\/wp-content\/uploads\/2023\/06\/Mi-querida-Espana.jpg\" data-srcset=\"https:\/\/www.belenmarron.com\/wp-content\/uploads\/2023\/06\/Mi-querida-Espana-200x80.jpg 200w, https:\/\/www.belenmarron.com\/wp-content\/uploads\/2023\/06\/Mi-querida-Espana-400x160.jpg 400w, https:\/\/www.belenmarron.com\/wp-content\/uploads\/2023\/06\/Mi-querida-Espana-600x239.jpg 600w, https:\/\/www.belenmarron.com\/wp-content\/uploads\/2023\/06\/Mi-querida-Espana-800x319.jpg 800w, https:\/\/www.belenmarron.com\/wp-content\/uploads\/2023\/06\/Mi-querida-Espana-1200x479.jpg 1200w, https:\/\/www.belenmarron.com\/wp-content\/uploads\/2023\/06\/Mi-querida-Espana.jpg 1379w\" data-sizes=\"auto\" \/><div class=\"fusion-rollover\">\n\t<div class=\"fusion-rollover-content\">\n\n\t\t\t\t\t\t\t\t\t\t\t\t\t\t<a class=\"fusion-rollover-link\" href=\"https:\/\/www.belenmarron.com\/en\/cuerpo-de-funcionarios-de-justicia-y-sanidad\/\">Cuerpo de funcionarios de Justicia y Sanidad<\/a>\n\t\t\t\n\t\t\t\t\t\t\t\t\t\t\t\t\t\t\n\t\t\t\t\t\t\t\t\n\t\t\t\t\t\t\t\t\t\t\t\t\t<div class=\"fusion-rollover-sep\"><\/div>\n\t\t\t\t\n\t\t\t\t\t\t\t\t\t\t\t\t\t\t\t\t\t\t<a class=\"fusion-rollover-gallery\" href=\"https:\/\/www.belenmarron.com\/wp-content\/uploads\/2023\/06\/Mi-querida-Espana.jpg\" data-options=\"\" data-id=\"4225\" data-rel=\"iLightbox[gallery]\" data-title=\"Mi querida Espa\u00f1a\" data-caption=\"\">\n\t\t\t\t\t\tGallery\t\t\t\t\t<\/a>\n\t\t\t\t\t\t\t\t\t\t\t\t\t\t\n\t\t\n\t\t\t\t\t\t\t\t\t\t\t\t<h4 class=\"fusion-rollover-title\">\n\t\t\t\t\t<a class=\"fusion-rollover-title-link\" href=\"https:\/\/www.belenmarron.com\/en\/cuerpo-de-funcionarios-de-justicia-y-sanidad\/\">\n\t\t\t\t\t\tCuerpo de funcionarios de Justicia y Sanidad\t\t\t\t\t<\/a>\n\t\t\t\t<\/h4>\n\t\t\t\n\t\t\t\t\t\t\t\t\t\t<div class=\"fusion-rollover-categories\"><a href=\"https:\/\/www.belenmarron.com\/en\/category\/blog-bm-en\/\" rel=\"tag\">Blog BM<\/a><\/div>\t\t\t\t\t\n\t\t\n\t\t\t\t\t\t<a class=\"fusion-link-wrapper\" href=\"https:\/\/www.belenmarron.com\/en\/cuerpo-de-funcionarios-de-justicia-y-sanidad\/\" aria-label=\"Cuerpo de funcionarios de Justicia y Sanidad\"><\/a>\n\t<\/div>\n<\/div>\n<\/div>\n<\/li>\n\t\t\t\n\t\t\t\n\t\t\t\t\t\t\t\t\t\t\t\t\t\t\t\t\t\t\t\t\t\t\t\t\t\t\t\t\t\t\t\t\t\t\t\t\t\t\t\t\t\t\t\t\t\t\t\t\t\t\t\t\t\t\t\t\t\t\t\t\t\t\t\t\t\t\t\t<\/ul>\n\t<\/div>\n\t<div class=\"fusion-post-content-wrapper\" style=\"padding:30px 25px 25px 25px;\"><div class=\"fusion-post-content post-content\"><h2 class=\"blog-shortcode-post-title entry-title\"><a href=\"https:\/\/www.belenmarron.com\/en\/cuerpo-de-funcionarios-de-justicia-y-sanidad\/\">Cuerpo de funcionarios de Justicia y Sanidad<\/a><\/h2><div class=\"fusion-post-content-container\"><p>Os comparto mi art\u00edculo sobre la situaci\u00f3n actual del cuerpo [...]<\/p><\/div><\/div><\/div><div class=\"fusion-clearfix\"><\/div><\/div>\n<\/article>\n<div class=\"fusion-clearfix\"><\/div><\/div><div class=\"pagination clearfix\"><span class=\"current\">1<\/span><a href=\"https:\/\/www.belenmarron.com\/en\/wp-json\/wp\/v2\/pages\/4165\/page\/2\/\" class=\"inactive\">2<\/a><a class=\"pagination-next\" rel=\"next\" href=\"https:\/\/www.belenmarron.com\/en\/wp-json\/wp\/v2\/pages\/4165\/page\/2\/\"><span class=\"page-text\">Next<\/span><span class=\"page-next\"><\/span><\/a><\/div><div class=\"fusion-clearfix\"><\/div><\/div><\/div><\/div><\/div><\/div><\/p>\n","protected":false},"excerpt":{"rendered":"","protected":false},"author":1,"featured_media":0,"parent":0,"menu_order":8,"comment_status":"closed","ping_status":"closed","template":"100-width.php","meta":{"inline_featured_image":false,"_joinchat":[],"footnotes":""},"class_list":["post-4165","page","type-page","status-publish","hentry"],"_links":{"self":[{"href":"https:\/\/www.belenmarron.com\/en\/wp-json\/wp\/v2\/pages\/4165","targetHints":{"allow":["GET"]}}],"collection":[{"href":"https:\/\/www.belenmarron.com\/en\/wp-json\/wp\/v2\/pages"}],"about":[{"href":"https:\/\/www.belenmarron.com\/en\/wp-json\/wp\/v2\/types\/page"}],"author":[{"embeddable":true,"href":"https:\/\/www.belenmarron.com\/en\/wp-json\/wp\/v2\/users\/1"}],"replies":[{"embeddable":true,"href":"https:\/\/www.belenmarron.com\/en\/wp-json\/wp\/v2\/comments?post=4165"}],"version-history":[{"count":0,"href":"https:\/\/www.belenmarron.com\/en\/wp-json\/wp\/v2\/pages\/4165\/revisions"}],"wp:attachment":[{"href":"https:\/\/www.belenmarron.com\/en\/wp-json\/wp\/v2\/media?parent=4165"}],"curies":[{"name":"wp","href":"https:\/\/api.w.org\/{rel}","templated":true}]}}